{"id":3379,"date":"2024-03-07T12:22:03","date_gmt":"2024-03-07T11:22:03","guid":{"rendered":"https:\/\/gcg-groupe.pl\/?post_type=product&#038;p=3379"},"modified":"2025-11-03T11:54:26","modified_gmt":"2025-11-03T10:54:26","slug":"koperty-babelkowe","status":"publish","type":"product","link":"https:\/\/gcg-groupe.pl\/de\/produkt\/koperty-babelkowe\/","title":{"rendered":"Koperty b\u0105belkowe"},"content":{"rendered":"<div class=\"mp4t_16_s mryx_16_s mr3m_1 mli2_1 mh85_56 mh85_0_l\">\n<div class=\"mgn2_16 _0d3bd_am0a-\">\n<p>Dlaczego warto wybra\u0107 <strong>koperty b\u0105belkowe<\/strong>?<\/p>\n<ul>\n<li>zabezpieczaj\u0105 produkt przed wilgoci\u0105 \u2013 dzi\u0119ki znajduj\u0105cej si\u0119 wewn\u0105trz folii b\u0105belkowej nie musz\u0105 Pa\u0144stwo martwi\u0107 si\u0119 uszkodzeniami wynikaj\u0105cymi z warunk\u00f3w pogodowych i sposobu transportu,<\/li>\n<li>chroni\u0105 produkt przed uszkodzeniami w transporcie \u2013 odpowiednio dobrana folia b\u0105belkowa we wn\u0119trzu koperty sprawia, \u017ce znacz\u0105co zwi\u0119ksza si\u0119 bezpiecze\u0144stwo produktu,<\/li>\n<li>s\u0105 ekonomicznym sposobem pakowania \u2013 wysy\u0142aj\u0105c ma\u0142e przedmioty w kopercie b\u0105belkowej minimalizuj\u0105 Pa\u0144stwo koszty pakowania i wysy\u0142ki. To rozwi\u0105zanie ma niski koszt zakupu i jest akceptowane przez wszystkie firmy kurierskie oraz Paczkomaty w skrytkach o najmniejszym gabarycie \u2013 gabarycie A,<\/li>\n<li>jest to uniwersalne rozwi\u0105zanie \u2013 koperty b\u0105belkowe to prosty i intuicyjny spos\u00f3b pakowania. Bez problemu poradzi sobie z nim ma\u0142o do\u015bwiadczony pracownik,<\/li>\n<li>kr\u00f3tki czas pakowania \u2013 i o to chodzi.<\/li>\n<\/ul>\n<p>70% foli u\u017cywanej do produkcji tych kopert pochodzi z recyklingu.<\/p>\n<h2>Rozmiary kopert z foli\u0105 b\u0105belkow\u0105<\/h2>\n<p>Najcz\u0119\u015bciej wybierane rozmiary kopert b\u0105belkowych to te, kt\u00f3re idealnie pasuj\u0105 do wysy\u0142ki ma\u0142ych i \u015brednich przedmiot\u00f3w. W\u015br\u00f3d nich znajduj\u0105 si\u0119 koperty o wymiarach 120&#215;175 mm, 150&#215;215 mm oraz 200&#215;275 mm, kt\u00f3re doskonale sprawdzaj\u0105 si\u0119 w codziennym u\u017cytkowaniu. Dzi\u0119ki r\u00f3\u017cnorodno\u015bci rozmiar\u00f3w ka\u017cdy mo\u017ce znale\u017a\u0107 odpowiedni\u0105 kopert\u0119 do swoich potrzeb. <strong>Koperty z foli\u0105 b\u0105belkow\u0105 s\u0105 idealne do wysy\u0142ki delikatnych przedmiot\u00f3w<\/strong>, takich jak bi\u017cuteria, ksi\u0105\u017cki, akcesoria elektroniczne, suplementy diety czy dokumenty. Ich konstrukcja zapewnia ochron\u0119 przed wstrz\u0105sami i uszkodzeniami mechanicznymi, co jest kluczowe podczas transportu. Dodatkowo, dzi\u0119ki folii b\u0105belkowej, produkty s\u0105 zabezpieczone przed wilgoci\u0105 i innymi czynnikami zewn\u0119trznymi.<\/p>\n<h2>Producent kopert b\u0105belkowych<\/h2>\n<p>Podczas <strong>produkcji kopert b\u0105belkowych<\/strong> stosujemy materia\u0142y wysokiej jako\u015bci, kt\u00f3re zapewniaj\u0105 trwa\u0142o\u015b\u0107 i niezawodno\u015b\u0107. Zwracamy uwag\u0119 na precyzyjne wykonanie ka\u017cdego elementu, aby zagwarantowa\u0107 doskona\u0142\u0105 ochron\u0119 przesy\u0142anych przedmiot\u00f3w. Jako <span style=\"text-decoration: underline;\"><a href=\"https:\/\/gcg-groupe.pl\/kategoria-produktu\/stretch\/\">producent folii stretch<\/a><\/span> i kopert staramy si\u0119 minimalizowa\u0107 nasz wp\u0142yw na \u015brodowisko, dlatego 70% u\u017cywanej przez nas folii pochodzi z recyklingu.<\/p>\n<\/div>\n<\/div>\n","protected":false},"excerpt":{"rendered":"<p>Dlaczego warto wybra\u0107 koperty b\u0105belkowe? zabezpieczaj\u0105 produkt przed wilgoci\u0105 \u2013 dzi\u0119ki znajduj\u0105cej si\u0119 wewn\u0105trz folii b\u0105belkowej nie musz\u0105 Pa\u0144stwo martwi\u0107 si\u0119 uszkodzeniami wynikaj\u0105cymi z warunk\u00f3w pogodowych i sposobu transportu, chroni\u0105 produkt przed uszkodzeniami w transporcie \u2013 odpowiednio dobrana folia b\u0105belkowa we wn\u0119trzu koperty sprawia, \u017ce znacz\u0105co zwi\u0119ksza si\u0119 bezpiecze\u0144stwo produktu, s\u0105 ekonomicznym sposobem pakowania \u2013&#8230;<\/p>\n","protected":false},"featured_media":3422,"comment_status":"open","ping_status":"closed","template":"","meta":[],"product_brand":[],"product_cat":[33],"product_tag":[],"class_list":{"0":"post-3379","1":"product","2":"type-product","3":"status-publish","4":"has-post-thumbnail","6":"product_cat-koperty-babelkowe","8":"first","9":"instock","10":"taxable","11":"shipping-taxable","12":"purchasable","13":"product-type-variable"},"yoast_head":"<!-- This site is optimized with the Yoast SEO plugin v26.2 - https:\/\/yoast.com\/wordpress\/plugins\/seo\/ -->\n<title>Bia\u0142a koperta z foli\u0105 b\u0105belkow\u0105, r\u00f3\u017cne rozmiary - GCG Groupe<\/title>\n<meta name=\"description\" content=\"Oferujemy koperty b\u0105belkowe w r\u00f3\u017cnych rozmiarach. Koperty z foli\u0105 b\u0105belkow\u0105 zabezpieczaj\u0105 produkty przed wilgoci\u0105 i uszkodzeniami w transporcie.\" \/>\n<meta name=\"robots\" content=\"index, follow, max-snippet:-1, max-image-preview:large, max-video-preview:-1\" \/>\n<link rel=\"canonical\" href=\"https:\/\/gcg-groupe.pl\/produkt\/koperty-babelkowe\/\" \/>\n<meta property=\"og:locale\" content=\"de_DE\" \/>\n<meta property=\"og:type\" content=\"article\" \/>\n<meta property=\"og:title\" content=\"Bia\u0142a koperta z foli\u0105 b\u0105belkow\u0105, r\u00f3\u017cne rozmiary - GCG Groupe\" \/>\n<meta property=\"og:description\" content=\"Oferujemy koperty b\u0105belkowe w r\u00f3\u017cnych rozmiarach. Koperty z foli\u0105 b\u0105belkow\u0105 zabezpieczaj\u0105 produkty przed wilgoci\u0105 i uszkodzeniami w transporcie.\" \/>\n<meta property=\"og:url\" content=\"https:\/\/gcg-groupe.pl\/produkt\/koperty-babelkowe\/\" \/>\n<meta property=\"og:site_name\" content=\"GCG Groupe\" \/>\n<meta property=\"article:modified_time\" content=\"2025-11-03T10:54:26+00:00\" \/>\n<meta property=\"og:image\" content=\"https:\/\/gcg-groupe.pl\/wp-content\/uploads\/2024\/03\/koperty.jpg\" \/>\n\t<meta property=\"og:image:width\" content=\"2560\" \/>\n\t<meta property=\"og:image:height\" content=\"1707\" \/>\n\t<meta property=\"og:image:type\" content=\"image\/jpeg\" \/>\n<meta name=\"twitter:card\" content=\"summary_large_image\" \/>\n<meta name=\"twitter:label1\" content=\"Gesch\u00e4tzte Lesezeit\" \/>\n\t<meta name=\"twitter:data1\" content=\"2\u00a0Minuten\" \/>\n<script type=\"application\/ld+json\" class=\"yoast-schema-graph\">{\"@context\":\"https:\/\/schema.org\",\"@graph\":[{\"@type\":\"WebPage\",\"@id\":\"https:\/\/gcg-groupe.pl\/produkt\/koperty-babelkowe\/\",\"url\":\"https:\/\/gcg-groupe.pl\/produkt\/koperty-babelkowe\/\",\"name\":\"Bia\u0142a koperta z foli\u0105 b\u0105belkow\u0105, r\u00f3\u017cne rozmiary - GCG Groupe\",\"isPartOf\":{\"@id\":\"https:\/\/gcg-groupe.pl\/#website\"},\"primaryImageOfPage\":{\"@id\":\"https:\/\/gcg-groupe.pl\/produkt\/koperty-babelkowe\/#primaryimage\"},\"image\":{\"@id\":\"https:\/\/gcg-groupe.pl\/produkt\/koperty-babelkowe\/#primaryimage\"},\"thumbnailUrl\":\"https:\/\/gcg-groupe.pl\/wp-content\/uploads\/2024\/03\/koperty.jpg\",\"datePublished\":\"2024-03-07T11:22:03+00:00\",\"dateModified\":\"2025-11-03T10:54:26+00:00\",\"description\":\"Oferujemy koperty b\u0105belkowe w r\u00f3\u017cnych rozmiarach. Koperty z foli\u0105 b\u0105belkow\u0105 zabezpieczaj\u0105 produkty przed wilgoci\u0105 i uszkodzeniami w transporcie.\",\"breadcrumb\":{\"@id\":\"https:\/\/gcg-groupe.pl\/produkt\/koperty-babelkowe\/#breadcrumb\"},\"inLanguage\":\"de\",\"potentialAction\":[{\"@type\":\"ReadAction\",\"target\":[\"https:\/\/gcg-groupe.pl\/produkt\/koperty-babelkowe\/\"]}]},{\"@type\":\"ImageObject\",\"inLanguage\":\"de\",\"@id\":\"https:\/\/gcg-groupe.pl\/produkt\/koperty-babelkowe\/#primaryimage\",\"url\":\"https:\/\/gcg-groupe.pl\/wp-content\/uploads\/2024\/03\/koperty.jpg\",\"contentUrl\":\"https:\/\/gcg-groupe.pl\/wp-content\/uploads\/2024\/03\/koperty.jpg\",\"width\":2560,\"height\":1707,\"caption\":\"koperty\"},{\"@type\":\"BreadcrumbList\",\"@id\":\"https:\/\/gcg-groupe.pl\/produkt\/koperty-babelkowe\/#breadcrumb\",\"itemListElement\":[{\"@type\":\"ListItem\",\"position\":1,\"name\":\"Strona g\u0142\u00f3wna\",\"item\":\"https:\/\/gcg-groupe.pl\/de\/\"},{\"@type\":\"ListItem\",\"position\":2,\"name\":\"Oferta\",\"item\":\"https:\/\/gcg-groupe.pl\/oferta\/\"},{\"@type\":\"ListItem\",\"position\":3,\"name\":\"Koperty b\u0105belkowe\"}]},{\"@type\":\"WebSite\",\"@id\":\"https:\/\/gcg-groupe.pl\/#website\",\"url\":\"https:\/\/gcg-groupe.pl\/\",\"name\":\"GCG Groupe\",\"description\":\"Producent opakowa\u0144 logistycznych\",\"potentialAction\":[{\"@type\":\"SearchAction\",\"target\":{\"@type\":\"EntryPoint\",\"urlTemplate\":\"https:\/\/gcg-groupe.pl\/?s={search_term_string}\"},\"query-input\":{\"@type\":\"PropertyValueSpecification\",\"valueRequired\":true,\"valueName\":\"search_term_string\"}}],\"inLanguage\":\"de\"}]}<\/script>\n<!-- \/ Yoast SEO plugin. -->","yoast_head_json":{"title":"Bia\u0142a koperta z foli\u0105 b\u0105belkow\u0105, r\u00f3\u017cne rozmiary - GCG Groupe","description":"Oferujemy koperty b\u0105belkowe w r\u00f3\u017cnych rozmiarach. Koperty z foli\u0105 b\u0105belkow\u0105 zabezpieczaj\u0105 produkty przed wilgoci\u0105 i uszkodzeniami w transporcie.","robots":{"index":"index","follow":"follow","max-snippet":"max-snippet:-1","max-image-preview":"max-image-preview:large","max-video-preview":"max-video-preview:-1"},"canonical":"https:\/\/gcg-groupe.pl\/produkt\/koperty-babelkowe\/","og_locale":"de_DE","og_type":"article","og_title":"Bia\u0142a koperta z foli\u0105 b\u0105belkow\u0105, r\u00f3\u017cne rozmiary - GCG Groupe","og_description":"Oferujemy koperty b\u0105belkowe w r\u00f3\u017cnych rozmiarach. Koperty z foli\u0105 b\u0105belkow\u0105 zabezpieczaj\u0105 produkty przed wilgoci\u0105 i uszkodzeniami w transporcie.","og_url":"https:\/\/gcg-groupe.pl\/produkt\/koperty-babelkowe\/","og_site_name":"GCG Groupe","article_modified_time":"2025-11-03T10:54:26+00:00","og_image":[{"width":2560,"height":1707,"url":"https:\/\/gcg-groupe.pl\/wp-content\/uploads\/2024\/03\/koperty.jpg","type":"image\/jpeg"}],"twitter_card":"summary_large_image","twitter_misc":{"Gesch\u00e4tzte Lesezeit":"2\u00a0Minuten"},"schema":{"@context":"https:\/\/schema.org","@graph":[{"@type":"WebPage","@id":"https:\/\/gcg-groupe.pl\/produkt\/koperty-babelkowe\/","url":"https:\/\/gcg-groupe.pl\/produkt\/koperty-babelkowe\/","name":"Bia\u0142a koperta z foli\u0105 b\u0105belkow\u0105, r\u00f3\u017cne rozmiary - GCG Groupe","isPartOf":{"@id":"https:\/\/gcg-groupe.pl\/#website"},"primaryImageOfPage":{"@id":"https:\/\/gcg-groupe.pl\/produkt\/koperty-babelkowe\/#primaryimage"},"image":{"@id":"https:\/\/gcg-groupe.pl\/produkt\/koperty-babelkowe\/#primaryimage"},"thumbnailUrl":"https:\/\/gcg-groupe.pl\/wp-content\/uploads\/2024\/03\/koperty.jpg","datePublished":"2024-03-07T11:22:03+00:00","dateModified":"2025-11-03T10:54:26+00:00","description":"Oferujemy koperty b\u0105belkowe w r\u00f3\u017cnych rozmiarach. Koperty z foli\u0105 b\u0105belkow\u0105 zabezpieczaj\u0105 produkty przed wilgoci\u0105 i uszkodzeniami w transporcie.","breadcrumb":{"@id":"https:\/\/gcg-groupe.pl\/produkt\/koperty-babelkowe\/#breadcrumb"},"inLanguage":"de","potentialAction":[{"@type":"ReadAction","target":["https:\/\/gcg-groupe.pl\/produkt\/koperty-babelkowe\/"]}]},{"@type":"ImageObject","inLanguage":"de","@id":"https:\/\/gcg-groupe.pl\/produkt\/koperty-babelkowe\/#primaryimage","url":"https:\/\/gcg-groupe.pl\/wp-content\/uploads\/2024\/03\/koperty.jpg","contentUrl":"https:\/\/gcg-groupe.pl\/wp-content\/uploads\/2024\/03\/koperty.jpg","width":2560,"height":1707,"caption":"koperty"},{"@type":"BreadcrumbList","@id":"https:\/\/gcg-groupe.pl\/produkt\/koperty-babelkowe\/#breadcrumb","itemListElement":[{"@type":"ListItem","position":1,"name":"Strona g\u0142\u00f3wna","item":"https:\/\/gcg-groupe.pl\/de\/"},{"@type":"ListItem","position":2,"name":"Oferta","item":"https:\/\/gcg-groupe.pl\/oferta\/"},{"@type":"ListItem","position":3,"name":"Koperty b\u0105belkowe"}]},{"@type":"WebSite","@id":"https:\/\/gcg-groupe.pl\/#website","url":"https:\/\/gcg-groupe.pl\/","name":"GCG Groupe","description":"Producent opakowa\u0144 logistycznych","potentialAction":[{"@type":"SearchAction","target":{"@type":"EntryPoint","urlTemplate":"https:\/\/gcg-groupe.pl\/?s={search_term_string}"},"query-input":{"@type":"PropertyValueSpecification","valueRequired":true,"valueName":"search_term_string"}}],"inLanguage":"de"}]}},"_links":{"self":[{"href":"https:\/\/gcg-groupe.pl\/de\/wp-json\/wp\/v2\/product\/3379","targetHints":{"allow":["GET"]}}],"collection":[{"href":"https:\/\/gcg-groupe.pl\/de\/wp-json\/wp\/v2\/product"}],"about":[{"href":"https:\/\/gcg-groupe.pl\/de\/wp-json\/wp\/v2\/types\/product"}],"replies":[{"embeddable":true,"href":"https:\/\/gcg-groupe.pl\/de\/wp-json\/wp\/v2\/comments?post=3379"}],"wp:featuredmedia":[{"embeddable":true,"href":"https:\/\/gcg-groupe.pl\/de\/wp-json\/wp\/v2\/media\/3422"}],"wp:attachment":[{"href":"https:\/\/gcg-groupe.pl\/de\/wp-json\/wp\/v2\/media?parent=3379"}],"wp:term":[{"taxonomy":"product_brand","embeddable":true,"href":"https:\/\/gcg-groupe.pl\/de\/wp-json\/wp\/v2\/product_brand?post=3379"},{"taxonomy":"product_cat","embeddable":true,"href":"https:\/\/gcg-groupe.pl\/de\/wp-json\/wp\/v2\/product_cat?post=3379"},{"taxonomy":"product_tag","embeddable":true,"href":"https:\/\/gcg-groupe.pl\/de\/wp-json\/wp\/v2\/product_tag?post=3379"}],"curies":[{"name":"wp","href":"https:\/\/api.w.org\/{rel}","templated":true}]}}